{"id":109840,"date":"2022-04-22T07:47:02","date_gmt":"2022-04-22T05:47:02","guid":{"rendered":"https:\/\/brocken.bbmms.net\/exhibition\/gourmet-festival-moenchengladbach-2022\/"},"modified":"2022-10-21T23:17:55","modified_gmt":"2022-10-21T21:17:55","slug":"gourmet-festival-moenchengladbach-2022","status":"publish","type":"exhibition","link":"https:\/\/gourmetfestivals.de\/en\/exhibition\/gourmet-festival-moenchengladbach-2022\/","title":{"rendered":"Gourmet Festival M\u00f6nchengladbach 2022"},"content":{"rendered":"","protected":false},"template":"","categories":[2130],"class_list":["post-109840","exhibition","type-exhibition","status-publish","hentry","category-moenchengladbach"],"yoast_head":"<!-- This site is optimized with the Yoast SEO plugin v27.5 - https:\/\/yoast.com\/product\/yoast-seo-wordpress\/ -->\n<title>Gourmet Festival M\u00f6nchengladbach 2022 - Gourmet Festivals<\/title>\n<meta name=\"robots\" content=\"index, follow, max-snippet:-1, max-image-preview:large, max-video-preview:-1\" \/>\n<link rel=\"canonical\" href=\"https:\/\/gourmetfestivals.de\/en\/exhibition\/gourmet-festival-moenchengladbach-2022\/\" \/>\n<meta property=\"og:locale\" content=\"en_US\" \/>\n<meta property=\"og:type\" content=\"article\" \/>\n<meta property=\"og:title\" content=\"Gourmet Festival M\u00f6nchengladbach 2022 - Gourmet Festivals\" \/>\n<meta property=\"og:url\" content=\"https:\/\/gourmetfestivals.de\/en\/exhibition\/gourmet-festival-moenchengladbach-2022\/\" \/>\n<meta property=\"og:site_name\" content=\"Gourmet Festivals\" \/>\n<meta property=\"article:modified_time\" content=\"2022-10-21T21:17:55+00:00\" \/>\n<meta name=\"twitter:card\" content=\"summary_large_image\" \/>\n<script type=\"application\/ld+json\" class=\"yoast-schema-graph\">{\"@context\":\"https:\\\/\\\/schema.org\",\"@graph\":[{\"@type\":\"WebPage\",\"@id\":\"https:\\\/\\\/gourmetfestivals.de\\\/en\\\/exhibition\\\/gourmet-festival-moenchengladbach-2022\\\/\",\"url\":\"https:\\\/\\\/gourmetfestivals.de\\\/en\\\/exhibition\\\/gourmet-festival-moenchengladbach-2022\\\/\",\"name\":\"Gourmet Festival M\u00f6nchengladbach 2022 - Gourmet Festivals\",\"isPartOf\":{\"@id\":\"https:\\\/\\\/gourmetfestivals.de\\\/#website\"},\"datePublished\":\"2022-04-22T05:47:02+00:00\",\"dateModified\":\"2022-10-21T21:17:55+00:00\",\"breadcrumb\":{\"@id\":\"https:\\\/\\\/gourmetfestivals.de\\\/en\\\/exhibition\\\/gourmet-festival-moenchengladbach-2022\\\/#breadcrumb\"},\"inLanguage\":\"en-US\",\"potentialAction\":[{\"@type\":\"ReadAction\",\"target\":[\"https:\\\/\\\/gourmetfestivals.de\\\/en\\\/exhibition\\\/gourmet-festival-moenchengladbach-2022\\\/\"]}]},{\"@type\":\"BreadcrumbList\",\"@id\":\"https:\\\/\\\/gourmetfestivals.de\\\/en\\\/exhibition\\\/gourmet-festival-moenchengladbach-2022\\\/#breadcrumb\",\"itemListElement\":[{\"@type\":\"ListItem\",\"position\":1,\"name\":\"Startseite\",\"item\":\"https:\\\/\\\/gourmetfestivals.de\\\/en\\\/\"},{\"@type\":\"ListItem\",\"position\":2,\"name\":\"Gourmet Festival M\u00f6nchengladbach 2022\"}]},{\"@type\":\"WebSite\",\"@id\":\"https:\\\/\\\/gourmetfestivals.de\\\/#website\",\"url\":\"https:\\\/\\\/gourmetfestivals.de\\\/\",\"name\":\"Gourmet Festivals\",\"description\":\"Genie\u00dfen mit Freunden\",\"publisher\":{\"@id\":\"https:\\\/\\\/gourmetfestivals.de\\\/#organization\"},\"potentialAction\":[{\"@type\":\"SearchAction\",\"target\":{\"@type\":\"EntryPoint\",\"urlTemplate\":\"https:\\\/\\\/gourmetfestivals.de\\\/?s={search_term_string}\"},\"query-input\":{\"@type\":\"PropertyValueSpecification\",\"valueRequired\":true,\"valueName\":\"search_term_string\"}}],\"inLanguage\":\"en-US\"},{\"@type\":\"Organization\",\"@id\":\"https:\\\/\\\/gourmetfestivals.de\\\/#organization\",\"name\":\"Gourmet Festivals\",\"url\":\"https:\\\/\\\/gourmetfestivals.de\\\/\",\"logo\":{\"@type\":\"ImageObject\",\"inLanguage\":\"en-US\",\"@id\":\"https:\\\/\\\/gourmetfestivals.de\\\/#\\\/schema\\\/logo\\\/image\\\/\",\"url\":\"https:\\\/\\\/gourmetfestivals.de\\\/wp-content\\\/uploads\\\/2022\\\/04\\\/GF_Logos_quer.jpg\",\"contentUrl\":\"https:\\\/\\\/gourmetfestivals.de\\\/wp-content\\\/uploads\\\/2022\\\/04\\\/GF_Logos_quer.jpg\",\"width\":2560,\"height\":448,\"caption\":\"Gourmet Festivals\"},\"image\":{\"@id\":\"https:\\\/\\\/gourmetfestivals.de\\\/#\\\/schema\\\/logo\\\/image\\\/\"}}]}<\/script>\n<!-- \/ Yoast SEO plugin. -->","yoast_head_json":{"title":"Gourmet Festival M\u00f6nchengladbach 2022 - Gourmet Festivals","robots":{"index":"index","follow":"follow","max-snippet":"max-snippet:-1","max-image-preview":"max-image-preview:large","max-video-preview":"max-video-preview:-1"},"canonical":"https:\/\/gourmetfestivals.de\/en\/exhibition\/gourmet-festival-moenchengladbach-2022\/","og_locale":"en_US","og_type":"article","og_title":"Gourmet Festival M\u00f6nchengladbach 2022 - Gourmet Festivals","og_url":"https:\/\/gourmetfestivals.de\/en\/exhibition\/gourmet-festival-moenchengladbach-2022\/","og_site_name":"Gourmet Festivals","article_modified_time":"2022-10-21T21:17:55+00:00","twitter_card":"summary_large_image","schema":{"@context":"https:\/\/schema.org","@graph":[{"@type":"WebPage","@id":"https:\/\/gourmetfestivals.de\/en\/exhibition\/gourmet-festival-moenchengladbach-2022\/","url":"https:\/\/gourmetfestivals.de\/en\/exhibition\/gourmet-festival-moenchengladbach-2022\/","name":"Gourmet Festival M\u00f6nchengladbach 2022 - Gourmet Festivals","isPartOf":{"@id":"https:\/\/gourmetfestivals.de\/#website"},"datePublished":"2022-04-22T05:47:02+00:00","dateModified":"2022-10-21T21:17:55+00:00","breadcrumb":{"@id":"https:\/\/gourmetfestivals.de\/en\/exhibition\/gourmet-festival-moenchengladbach-2022\/#breadcrumb"},"inLanguage":"en-US","potentialAction":[{"@type":"ReadAction","target":["https:\/\/gourmetfestivals.de\/en\/exhibition\/gourmet-festival-moenchengladbach-2022\/"]}]},{"@type":"BreadcrumbList","@id":"https:\/\/gourmetfestivals.de\/en\/exhibition\/gourmet-festival-moenchengladbach-2022\/#breadcrumb","itemListElement":[{"@type":"ListItem","position":1,"name":"Startseite","item":"https:\/\/gourmetfestivals.de\/en\/"},{"@type":"ListItem","position":2,"name":"Gourmet Festival M\u00f6nchengladbach 2022"}]},{"@type":"WebSite","@id":"https:\/\/gourmetfestivals.de\/#website","url":"https:\/\/gourmetfestivals.de\/","name":"Gourmet Festivals","description":"Genie\u00dfen mit Freunden","publisher":{"@id":"https:\/\/gourmetfestivals.de\/#organization"},"potentialAction":[{"@type":"SearchAction","target":{"@type":"EntryPoint","urlTemplate":"https:\/\/gourmetfestivals.de\/?s={search_term_string}"},"query-input":{"@type":"PropertyValueSpecification","valueRequired":true,"valueName":"search_term_string"}}],"inLanguage":"en-US"},{"@type":"Organization","@id":"https:\/\/gourmetfestivals.de\/#organization","name":"Gourmet Festivals","url":"https:\/\/gourmetfestivals.de\/","logo":{"@type":"ImageObject","inLanguage":"en-US","@id":"https:\/\/gourmetfestivals.de\/#\/schema\/logo\/image\/","url":"https:\/\/gourmetfestivals.de\/wp-content\/uploads\/2022\/04\/GF_Logos_quer.jpg","contentUrl":"https:\/\/gourmetfestivals.de\/wp-content\/uploads\/2022\/04\/GF_Logos_quer.jpg","width":2560,"height":448,"caption":"Gourmet Festivals"},"image":{"@id":"https:\/\/gourmetfestivals.de\/#\/schema\/logo\/image\/"}}]}},"doo_event_widget_id":"","event_id":"2032022","doo_event_id":"","doo_presse_id":"","ticketshop_url":"","latest":"","event_name":"Gourmet Festival M\u00f6nchengladbach 2022","location":"M\u00f6nchengladbach","header_logo":false,"header_logo_sc_vars":"src=\"https:\/\/genussfestival-moenchengladbach.de\/wp-content\/uploads\/2018\/10\/GFM_200x200px.jpg \" alt=\"Gourmet Festival M\u00f6nchengladbach 2022\"","header_background_image":{"ID":"378","post_author":"2","post_date":"2020-02-14 14:29:11","post_date_gmt":"2020-02-14 13:29:11","post_content":"","post_title":"Scribble_Sand_RGB","post_excerpt":"","post_status":"inherit","comment_status":"open","ping_status":"closed","post_password":"","post_name":"scribble_sand_rgb","to_ping":"","pinged":"","post_modified":"2022-10-21 15:10:51","post_modified_gmt":"2022-10-21 13:10:51","post_content_filtered":"","post_parent":"109840","guid":"https:\/\/brocken.bbmms.net\/wp-content\/uploads\/2020\/02\/Scribble_Sand_RGB.png","menu_order":"0","post_type":"attachment","post_mime_type":"image\/png","comment_count":"0","pod_item_id":"378"},"main_color":"#f0e8e1","secondary_color":"#444457","venue":"Hindenburgstra\u00dfe","start_date":"2022-07-15","end_date":"2022-07-17","date_text":"15.07. - 17.07.2022","teaser_text":"<p>Ob Schl\u00f6sser, Museen oder eine lebendige Textilhochburg, M\u00f6nchengladbach ist vielf\u00e4ltig, multikulturell und mit 272.000 Einwohner das Obercentrum am linken Niederrhein mit einem Einzugsbereich, der bis in die Niederlande reicht und rund eine Million Bewohner umfasst. Die Begeisterung f\u00fcr das Gourmet Festival in der Bev\u00f6lkerung wird wohl nur noch von der Begeisterung f\u00fcr den Traditionsfu\u00dfballverein und Erstligisten Borussia M\u00f6nchengladbach \u00fcbertroffen. Die M\u00f6nchengladbacher lieben es, auszugehen und gutes Essen und Trinken zu genie\u00dfen. Die Hindenburg Stra\u00dfe als gr\u00f6\u00dfte Einkaufsstra\u00dfe mit dem Sonnenhausplatz und dem Hans-Jonas-Park bilden ein ideales Ambiente f\u00fcr unser Gourmet Festival mit ca. 100 Ausstellern. Mit dem parallelen verkaufsoffenen Sonntag ziehen wir die Besucher aus M\u00f6nchengladbach und dem gesamten Einzugsgebiet an. Eine gute Basis f\u00fcrs Einkaufen, Verweilen und Genie\u00dfen - eine Garantie f\u00fcr gute Gesch\u00e4fte.&nbsp;<\/p>","photos":[{"ID":"111249","post_author":"7","post_date":"2022-07-27 13:05:23","post_date_gmt":"2022-07-27 11:05:23","post_content":"","post_title":"20220716-DSC_8483","post_excerpt":"","post_status":"inherit","comment_status":"closed","ping_status":"closed","post_password":"","post_name":"20220716-dsc_8483","to_ping":"","pinged":"","post_modified":"2022-08-06 22:44:05","post_modified_gmt":"2022-08-06 20:44:05","post_content_filtered":"","post_parent":"109840","guid":"https:\/\/brocken.bbmms.net\/wp-content\/uploads\/2022\/07\/20220716-DSC_8483.jpg","menu_order":"0","post_type":"attachment","post_mime_type":"image\/jpeg","comment_count":"0","pod_item_id":"111249"},{"ID":"111252","post_author":"7","post_date":"2022-07-27 13:05:25","post_date_gmt":"2022-07-27 11:05:25","post_content":"","post_title":"20220716-DSC_8489","post_excerpt":"","post_status":"inherit","comment_status":"closed","ping_status":"closed","post_password":"","post_name":"20220716-dsc_8489","to_ping":"","pinged":"","post_modified":"2022-08-06 22:44:05","post_modified_gmt":"2022-08-06 20:44:05","post_content_filtered":"","post_parent":"109840","guid":"https:\/\/brocken.bbmms.net\/wp-content\/uploads\/2022\/07\/20220716-DSC_8489.jpg","menu_order":"0","post_type":"attachment","post_mime_type":"image\/jpeg","comment_count":"0","pod_item_id":"111252"},{"ID":"111255","post_author":"7","post_date":"2022-07-27 13:05:27","post_date_gmt":"2022-07-27 11:05:27","post_content":"","post_title":"20220716-DSC_8807","post_excerpt":"","post_status":"inherit","comment_status":"closed","ping_status":"closed","post_password":"","post_name":"20220716-dsc_8807","to_ping":"","pinged":"","post_modified":"2022-08-06 22:44:05","post_modified_gmt":"2022-08-06 20:44:05","post_content_filtered":"","post_parent":"109840","guid":"https:\/\/brocken.bbmms.net\/wp-content\/uploads\/2022\/07\/20220716-DSC_8807.jpg","menu_order":"0","post_type":"attachment","post_mime_type":"image\/jpeg","comment_count":"0","pod_item_id":"111255"},{"ID":"111258","post_author":"7","post_date":"2022-07-27 13:05:28","post_date_gmt":"2022-07-27 11:05:28","post_content":"","post_title":"20220716-DSC_8809","post_excerpt":"","post_status":"inherit","comment_status":"closed","ping_status":"closed","post_password":"","post_name":"20220716-dsc_8809","to_ping":"","pinged":"","post_modified":"2022-08-06 22:44:05","post_modified_gmt":"2022-08-06 20:44:05","post_content_filtered":"","post_parent":"109840","guid":"https:\/\/brocken.bbmms.net\/wp-content\/uploads\/2022\/07\/20220716-DSC_8809.jpg","menu_order":"0","post_type":"attachment","post_mime_type":"image\/jpeg","comment_count":"0","pod_item_id":"111258"},{"ID":"111261","post_author":"7","post_date":"2022-07-27 13:05:30","post_date_gmt":"2022-07-27 11:05:30","post_content":"","post_title":"20220716-DSC_8831","post_excerpt":"","post_status":"inherit","comment_status":"closed","ping_status":"closed","post_password":"","post_name":"20220716-dsc_8831","to_ping":"","pinged":"","post_modified":"2022-11-29 08:33:29","post_modified_gmt":"2022-11-29 07:33:29","post_content_filtered":"","post_parent":"109840","guid":"https:\/\/brocken.bbmms.net\/wp-content\/uploads\/2022\/07\/20220716-DSC_8831.jpg","menu_order":"0","post_type":"attachment","post_mime_type":"image\/jpeg","comment_count":"0","pod_item_id":"111261"},{"ID":"111264","post_author":"7","post_date":"2022-07-27 13:05:32","post_date_gmt":"2022-07-27 11:05:32","post_content":"","post_title":"20220716-DSC_9010","post_excerpt":"","post_status":"inherit","comment_status":"closed","ping_status":"closed","post_password":"","post_name":"20220716-dsc_9010","to_ping":"","pinged":"","post_modified":"2022-11-29 08:33:29","post_modified_gmt":"2022-11-29 07:33:29","post_content_filtered":"","post_parent":"109840","guid":"https:\/\/brocken.bbmms.net\/wp-content\/uploads\/2022\/07\/20220716-DSC_9010.jpg","menu_order":"0","post_type":"attachment","post_mime_type":"image\/jpeg","comment_count":"0","pod_item_id":"111264"},{"ID":"111267","post_author":"7","post_date":"2022-07-27 13:05:34","post_date_gmt":"2022-07-27 11:05:34","post_content":"","post_title":"20220716-DSC_9033","post_excerpt":"","post_status":"inherit","comment_status":"closed","ping_status":"closed","post_password":"","post_name":"20220716-dsc_9033","to_ping":"","pinged":"","post_modified":"2022-11-29 08:33:29","post_modified_gmt":"2022-11-29 07:33:29","post_content_filtered":"","post_parent":"109840","guid":"https:\/\/brocken.bbmms.net\/wp-content\/uploads\/2022\/07\/20220716-DSC_9033.jpg","menu_order":"0","post_type":"attachment","post_mime_type":"image\/jpeg","comment_count":"0","pod_item_id":"111267"},{"ID":"111270","post_author":"7","post_date":"2022-07-27 13:05:35","post_date_gmt":"2022-07-27 11:05:35","post_content":"","post_title":"20220716-DSC_9129","post_excerpt":"","post_status":"inherit","comment_status":"closed","ping_status":"closed","post_password":"","post_name":"20220716-dsc_9129","to_ping":"","pinged":"","post_modified":"2022-11-29 08:33:29","post_modified_gmt":"2022-11-29 07:33:29","post_content_filtered":"","post_parent":"109840","guid":"https:\/\/brocken.bbmms.net\/wp-content\/uploads\/2022\/07\/20220716-DSC_9129.jpg","menu_order":"0","post_type":"attachment","post_mime_type":"image\/jpeg","comment_count":"0","pod_item_id":"111270"},{"ID":"111273","post_author":"7","post_date":"2022-07-27 13:05:37","post_date_gmt":"2022-07-27 11:05:37","post_content":"","post_title":"20220716-DSC_9231-2","post_excerpt":"","post_status":"inherit","comment_status":"closed","ping_status":"closed","post_password":"","post_name":"20220716-dsc_9231-2","to_ping":"","pinged":"","post_modified":"2022-11-29 08:33:29","post_modified_gmt":"2022-11-29 07:33:29","post_content_filtered":"","post_parent":"109840","guid":"https:\/\/brocken.bbmms.net\/wp-content\/uploads\/2022\/07\/20220716-DSC_9231-2.jpg","menu_order":"0","post_type":"attachment","post_mime_type":"image\/jpeg","comment_count":"0","pod_item_id":"111273"},{"ID":"111276","post_author":"7","post_date":"2022-07-27 13:05:39","post_date_gmt":"2022-07-27 11:05:39","post_content":"","post_title":"20220716-DSC_9315","post_excerpt":"","post_status":"inherit","comment_status":"closed","ping_status":"closed","post_password":"","post_name":"20220716-dsc_9315","to_ping":"","pinged":"","post_modified":"2022-11-29 08:33:29","post_modified_gmt":"2022-11-29 07:33:29","post_content_filtered":"","post_parent":"109840","guid":"https:\/\/brocken.bbmms.net\/wp-content\/uploads\/2022\/07\/20220716-DSC_9315.jpg","menu_order":"0","post_type":"attachment","post_mime_type":"image\/jpeg","comment_count":"0","pod_item_id":"111276"},{"ID":"111279","post_author":"7","post_date":"2022-07-27 13:05:40","post_date_gmt":"2022-07-27 11:05:40","post_content":"","post_title":"20220716-DSC_9431","post_excerpt":"","post_status":"inherit","comment_status":"closed","ping_status":"closed","post_password":"","post_name":"20220716-dsc_9431","to_ping":"","pinged":"","post_modified":"2022-11-29 08:33:29","post_modified_gmt":"2022-11-29 07:33:29","post_content_filtered":"","post_parent":"109840","guid":"https:\/\/brocken.bbmms.net\/wp-content\/uploads\/2022\/07\/20220716-DSC_9431.jpg","menu_order":"0","post_type":"attachment","post_mime_type":"image\/jpeg","comment_count":"0","pod_item_id":"111279"},{"ID":"111282","post_author":"7","post_date":"2022-07-27 13:05:42","post_date_gmt":"2022-07-27 11:05:42","post_content":"","post_title":"20220716-DSC_9575","post_excerpt":"","post_status":"inherit","comment_status":"closed","ping_status":"closed","post_password":"","post_name":"20220716-dsc_9575","to_ping":"","pinged":"","post_modified":"2022-11-29 08:33:29","post_modified_gmt":"2022-11-29 07:33:29","post_content_filtered":"","post_parent":"109840","guid":"https:\/\/brocken.bbmms.net\/wp-content\/uploads\/2022\/07\/20220716-DSC_9575.jpg","menu_order":"0","post_type":"attachment","post_mime_type":"image\/jpeg","comment_count":"0","pod_item_id":"111282"},{"ID":"111285","post_author":"7","post_date":"2022-07-27 13:05:44","post_date_gmt":"2022-07-27 11:05:44","post_content":"","post_title":"GFM22_JennyHallberg_0014-2","post_excerpt":"","post_status":"inherit","comment_status":"closed","ping_status":"closed","post_password":"","post_name":"gfm22_jennyhallberg_0014-2","to_ping":"","pinged":"","post_modified":"2022-11-29 08:33:29","post_modified_gmt":"2022-11-29 07:33:29","post_content_filtered":"","post_parent":"109840","guid":"https:\/\/brocken.bbmms.net\/wp-content\/uploads\/2022\/07\/GFM22_JennyHallberg_0014-2.jpg","menu_order":"0","post_type":"attachment","post_mime_type":"image\/jpeg","comment_count":"0","pod_item_id":"111285"},{"ID":"111288","post_author":"7","post_date":"2022-07-27 13:05:45","post_date_gmt":"2022-07-27 11:05:45","post_content":"","post_title":"GFM22_JennyHallberg_0018-2","post_excerpt":"","post_status":"inherit","comment_status":"closed","ping_status":"closed","post_password":"","post_name":"gfm22_jennyhallberg_0018-2","to_ping":"","pinged":"","post_modified":"2022-11-29 08:33:29","post_modified_gmt":"2022-11-29 07:33:29","post_content_filtered":"","post_parent":"109840","guid":"https:\/\/brocken.bbmms.net\/wp-content\/uploads\/2022\/07\/GFM22_JennyHallberg_0018-2.jpg","menu_order":"0","post_type":"attachment","post_mime_type":"image\/jpeg","comment_count":"0","pod_item_id":"111288"}],"youtube_url_1":"https:\/\/www.youtube.com\/watch?v=FSaBF13rX3k&ab_channel=GourmetFestivals","youtube_url_2":"","catalog_url":"","hall_plan_url":"","number_of_exhibitors":"70","number_of_visitors":"20000","number_of_shows":"","number_of_media_representatives":"","visitor_statement_1":"","visitor_statement_2":"","visitor_statement_3":"","calendar_url":"","opening_hours":"Freitag, 13:00 - Freitag, 22:00\nSamstag, 11:00 - Samstag, 22:00\nSonntag, 11:00 - Sonntag, 22:00","venue_address":"Hindenburgstra\u00dfe , 41061 M\u00f6nchengladbach","venue_google_maps_url":"https:\/\/maps.google.de\/maps?hl=de&q=Hindenburgstra\u00dfe , 41061 M\u00f6nchengladbach&ie=UTF8","info_public_transport":"","info_car":"","info_tickets":"","info_extra1_title":"","info_extra1_content":"","info_extra2_title":"","info_extra2_content":"","exhibitors":false,"wpml_current_locale":"de_DE","wpml_translations":[],"_links":{"self":[{"href":"https:\/\/gourmetfestivals.de\/en\/wp-json\/wp\/v2\/exhibition\/109840","targetHints":{"allow":["GET"]}}],"collection":[{"href":"https:\/\/gourmetfestivals.de\/en\/wp-json\/wp\/v2\/exhibition"}],"about":[{"href":"https:\/\/gourmetfestivals.de\/en\/wp-json\/wp\/v2\/types\/exhibition"}],"wp:attachment":[{"href":"https:\/\/gourmetfestivals.de\/en\/wp-json\/wp\/v2\/media?parent=109840"}],"wp:term":[{"taxonomy":"category","embeddable":true,"href":"https:\/\/gourmetfestivals.de\/en\/wp-json\/wp\/v2\/categories?post=109840"}],"curies":[{"name":"wp","href":"https:\/\/api.w.org\/{rel}","templated":true}]}}