{"id":90816,"date":"2022-02-25T09:14:03","date_gmt":"2022-02-25T08:14:03","guid":{"rendered":"https:\/\/brocken.bbmms.net\/speaker\/katharina-pozo-ledezma\/"},"modified":"2022-02-25T09:14:03","modified_gmt":"2022-02-25T08:14:03","slug":"katharina-pozo-ledezma","status":"publish","type":"speaker","link":"https:\/\/gourmetfestivals.de\/en\/speaker\/katharina-pozo-ledezma\/","title":{"rendered":"Katharina  Pozo Ledezma"},"content":{"rendered":"","protected":false},"template":"","class_list":["post-90816","speaker","type-speaker","status-publish","hentry"],"yoast_head":"<!-- This site is optimized with the Yoast SEO plugin v27.5 - https:\/\/yoast.com\/product\/yoast-seo-wordpress\/ -->\n<title>Katharina Pozo Ledezma - Gourmet Festivals<\/title>\n<meta name=\"robots\" content=\"index, follow, max-snippet:-1, max-image-preview:large, max-video-preview:-1\" \/>\n<link rel=\"canonical\" href=\"https:\/\/gourmetfestivals.de\/speaker\/katharina-pozo-ledezma\/\" \/>\n<meta property=\"og:locale\" content=\"en_US\" \/>\n<meta property=\"og:type\" content=\"article\" \/>\n<meta property=\"og:title\" content=\"Katharina Pozo Ledezma - Gourmet Festivals\" \/>\n<meta property=\"og:url\" content=\"https:\/\/gourmetfestivals.de\/speaker\/katharina-pozo-ledezma\/\" \/>\n<meta property=\"og:site_name\" content=\"Gourmet Festivals\" \/>\n<meta name=\"twitter:card\" content=\"summary_large_image\" \/>\n<script type=\"application\/ld+json\" class=\"yoast-schema-graph\">{\"@context\":\"https:\\\/\\\/schema.org\",\"@graph\":[{\"@type\":\"WebPage\",\"@id\":\"https:\\\/\\\/gourmetfestivals.de\\\/speaker\\\/katharina-pozo-ledezma\\\/\",\"url\":\"https:\\\/\\\/gourmetfestivals.de\\\/speaker\\\/katharina-pozo-ledezma\\\/\",\"name\":\"Katharina Pozo Ledezma - Gourmet Festivals\",\"isPartOf\":{\"@id\":\"https:\\\/\\\/gourmetfestivals.de\\\/#website\"},\"datePublished\":\"2022-02-25T08:14:03+00:00\",\"breadcrumb\":{\"@id\":\"https:\\\/\\\/gourmetfestivals.de\\\/speaker\\\/katharina-pozo-ledezma\\\/#breadcrumb\"},\"inLanguage\":\"en-US\",\"potentialAction\":[{\"@type\":\"ReadAction\",\"target\":[\"https:\\\/\\\/gourmetfestivals.de\\\/speaker\\\/katharina-pozo-ledezma\\\/\"]}]},{\"@type\":\"BreadcrumbList\",\"@id\":\"https:\\\/\\\/gourmetfestivals.de\\\/speaker\\\/katharina-pozo-ledezma\\\/#breadcrumb\",\"itemListElement\":[{\"@type\":\"ListItem\",\"position\":1,\"name\":\"Startseite\",\"item\":\"https:\\\/\\\/gourmetfestivals.de\\\/en\\\/\"},{\"@type\":\"ListItem\",\"position\":2,\"name\":\"Katharina Pozo Ledezma\"}]},{\"@type\":\"WebSite\",\"@id\":\"https:\\\/\\\/gourmetfestivals.de\\\/#website\",\"url\":\"https:\\\/\\\/gourmetfestivals.de\\\/\",\"name\":\"Gourmet Festivals\",\"description\":\"Genie\u00dfen mit Freunden\",\"publisher\":{\"@id\":\"https:\\\/\\\/gourmetfestivals.de\\\/#organization\"},\"potentialAction\":[{\"@type\":\"SearchAction\",\"target\":{\"@type\":\"EntryPoint\",\"urlTemplate\":\"https:\\\/\\\/gourmetfestivals.de\\\/?s={search_term_string}\"},\"query-input\":{\"@type\":\"PropertyValueSpecification\",\"valueRequired\":true,\"valueName\":\"search_term_string\"}}],\"inLanguage\":\"en-US\"},{\"@type\":\"Organization\",\"@id\":\"https:\\\/\\\/gourmetfestivals.de\\\/#organization\",\"name\":\"Gourmet Festivals\",\"url\":\"https:\\\/\\\/gourmetfestivals.de\\\/\",\"logo\":{\"@type\":\"ImageObject\",\"inLanguage\":\"en-US\",\"@id\":\"https:\\\/\\\/gourmetfestivals.de\\\/#\\\/schema\\\/logo\\\/image\\\/\",\"url\":\"https:\\\/\\\/gourmetfestivals.de\\\/wp-content\\\/uploads\\\/2022\\\/04\\\/GF_Logos_quer.jpg\",\"contentUrl\":\"https:\\\/\\\/gourmetfestivals.de\\\/wp-content\\\/uploads\\\/2022\\\/04\\\/GF_Logos_quer.jpg\",\"width\":2560,\"height\":448,\"caption\":\"Gourmet Festivals\"},\"image\":{\"@id\":\"https:\\\/\\\/gourmetfestivals.de\\\/#\\\/schema\\\/logo\\\/image\\\/\"}}]}<\/script>\n<!-- \/ Yoast SEO plugin. -->","yoast_head_json":{"title":"Katharina Pozo Ledezma - Gourmet Festivals","robots":{"index":"index","follow":"follow","max-snippet":"max-snippet:-1","max-image-preview":"max-image-preview:large","max-video-preview":"max-video-preview:-1"},"canonical":"https:\/\/gourmetfestivals.de\/speaker\/katharina-pozo-ledezma\/","og_locale":"en_US","og_type":"article","og_title":"Katharina Pozo Ledezma - Gourmet Festivals","og_url":"https:\/\/gourmetfestivals.de\/speaker\/katharina-pozo-ledezma\/","og_site_name":"Gourmet Festivals","twitter_card":"summary_large_image","schema":{"@context":"https:\/\/schema.org","@graph":[{"@type":"WebPage","@id":"https:\/\/gourmetfestivals.de\/speaker\/katharina-pozo-ledezma\/","url":"https:\/\/gourmetfestivals.de\/speaker\/katharina-pozo-ledezma\/","name":"Katharina Pozo Ledezma - Gourmet Festivals","isPartOf":{"@id":"https:\/\/gourmetfestivals.de\/#website"},"datePublished":"2022-02-25T08:14:03+00:00","breadcrumb":{"@id":"https:\/\/gourmetfestivals.de\/speaker\/katharina-pozo-ledezma\/#breadcrumb"},"inLanguage":"en-US","potentialAction":[{"@type":"ReadAction","target":["https:\/\/gourmetfestivals.de\/speaker\/katharina-pozo-ledezma\/"]}]},{"@type":"BreadcrumbList","@id":"https:\/\/gourmetfestivals.de\/speaker\/katharina-pozo-ledezma\/#breadcrumb","itemListElement":[{"@type":"ListItem","position":1,"name":"Startseite","item":"https:\/\/gourmetfestivals.de\/en\/"},{"@type":"ListItem","position":2,"name":"Katharina Pozo Ledezma"}]},{"@type":"WebSite","@id":"https:\/\/gourmetfestivals.de\/#website","url":"https:\/\/gourmetfestivals.de\/","name":"Gourmet Festivals","description":"Genie\u00dfen mit Freunden","publisher":{"@id":"https:\/\/gourmetfestivals.de\/#organization"},"potentialAction":[{"@type":"SearchAction","target":{"@type":"EntryPoint","urlTemplate":"https:\/\/gourmetfestivals.de\/?s={search_term_string}"},"query-input":{"@type":"PropertyValueSpecification","valueRequired":true,"valueName":"search_term_string"}}],"inLanguage":"en-US"},{"@type":"Organization","@id":"https:\/\/gourmetfestivals.de\/#organization","name":"Gourmet Festivals","url":"https:\/\/gourmetfestivals.de\/","logo":{"@type":"ImageObject","inLanguage":"en-US","@id":"https:\/\/gourmetfestivals.de\/#\/schema\/logo\/image\/","url":"https:\/\/gourmetfestivals.de\/wp-content\/uploads\/2022\/04\/GF_Logos_quer.jpg","contentUrl":"https:\/\/gourmetfestivals.de\/wp-content\/uploads\/2022\/04\/GF_Logos_quer.jpg","width":2560,"height":448,"caption":"Gourmet Festivals"},"image":{"@id":"https:\/\/gourmetfestivals.de\/#\/schema\/logo\/image\/"}}]}},"speaker_id":"943","speaker_name":"Katharina  Pozo Ledezma","salutation":"","speaker_title":"","company":"","first_name":"Katharina","last_name":"Pozo Ledezma","exhibitor":false,"job_title":"","vita":"Katharina Pozo Ledezma und Miriam Stork sind beide Tierrechtsaktivistinnen aus K\u00f6ln. Dort sind sie f\u00fcr mehrere gro\u00dfe Organisationen t\u00e4tig,die sich an Orten des gelebten Speziesismus f\u00fcr die Befreiung von Tieren einsetzen. Eine davon ist The Save Movement bei der beide im Juni die K\u00f6lner Ortsgruppe K\u00f6ln Animal Save gr\u00fcndeten und seitdem gemeinsam leiten. Der Grundgedanke von The Save Movement, aus Liebe zu allen Tieren gewaltlose Mahnwachen abzuhalten, Zeuge des Schicksals von sogenannten Nutztieren zu werden und dabei das Bewusstsein f\u00fcr diese Lebewesen zu erh\u00f6hen, hat ihnen von Anfang an entsprochen und sie zur Gr\u00fcndung der Ortsgruppe motiviert.","profile_photo":false,"profile_photo_credit":"","speaker_address":"","city":"","country":"DE","telephone":"","mobile":"","email":"","website":"https:\/\/de-de.facebook.com\/KoelnAnimalSave\/","website_2":"","xing":"","linkedin":"","lectures":false,"wpml_current_locale":"de_DE","wpml_translations":[],"_links":{"self":[{"href":"https:\/\/gourmetfestivals.de\/en\/wp-json\/wp\/v2\/speaker\/90816","targetHints":{"allow":["GET"]}}],"collection":[{"href":"https:\/\/gourmetfestivals.de\/en\/wp-json\/wp\/v2\/speaker"}],"about":[{"href":"https:\/\/gourmetfestivals.de\/en\/wp-json\/wp\/v2\/types\/speaker"}],"wp:attachment":[{"href":"https:\/\/gourmetfestivals.de\/en\/wp-json\/wp\/v2\/media?parent=90816"}],"curies":[{"name":"wp","href":"https:\/\/api.w.org\/{rel}","templated":true}]}}